{"id":22452,"date":"2026-02-10T15:43:11","date_gmt":"2026-02-10T12:43:11","guid":{"rendered":"https:\/\/julesverne.com.tr\/?post_type=gezi&#038;p=22452"},"modified":"2026-02-25T15:14:42","modified_gmt":"2026-02-25T12:14:42","slug":"mardin-bienal-rotasi-kadim-uygarliklarin-besiginde-7-uluslararasi-mardin-bienali-gezisi","status":"publish","type":"gezi","link":"https:\/\/julesverne.com.tr\/en\/gezi\/jules-verne-ozel-gezileri\/mardin-bienal-rotasi-kadim-uygarliklarin-besiginde-7-uluslararasi-mardin-bienali-gezisi\/","title":{"rendered":"(TR) Mardin Bienal Rotas\u0131: Kadim Uygarl\u0131klar\u0131n Be\u015fi\u011finde 7. Uluslararas\u0131 Mardin Bienali Gezisi"},"content":{"rendered":"<p class=\"qtranxs-available-languages-message qtranxs-available-languages-message-en\">Sorry, this entry is only available in <a href=\"https:\/\/julesverne.com.tr\/tr\/wp-json\/wp\/v2\/gezi\/22452\" class=\"qtranxs-available-language-link qtranxs-available-language-link-tr\" title=\"TR\">Turkish<\/a>.<\/p>","protected":false},"featured_media":16765,"template":"","meta":{"inline_featured_image":false},"gezi_kategorisi":[12,9,312],"gezi_etiketi":[31,82,42],"acf":[],"yoast_head":"<!-- This site is optimized with the Yoast SEO plugin v22.3 - https:\/\/yoast.com\/wordpress\/plugins\/seo\/ -->\n<title><\/title>\n<meta name=\"description\" content=\"Kuzey Mezopotamya\u2019n\u0131n u\u00e7suz bucaks\u0131z El Cezire d\u00fczl\u00fcklerine tepeden bakan zarif ta\u015f \u015fehir Mardin; bu y\u0131l \u00a0\u00e7ok \u00f6zel bir bulu\u015fmaya ev sahipli\u011fi yap\u0131yor. 7.Uluslararas\u0131 Mardin Bienali, \u201cG\u00d6KZemin\u201d temas\u0131yla kap\u0131lar\u0131n\u0131 a\u00e7arken bizleri sadece bir \u015fehir gezisine de\u011fil, Mezopotamya\u2019n\u0131n \u00e7ok katmanl\u0131 haf\u0131zas\u0131nda bir yolculu\u011funa davet ediyor. \u00a0\" \/>\n<meta name=\"robots\" content=\"index, follow, max-snippet:-1, max-image-preview:large, max-video-preview:-1\" \/>\n<link rel=\"canonical\" href=\"https:\/\/julesverne.com.tr\/gezi\/jules-verne-ozel-gezileri\/mardin-bienal-rotasi-kadim-uygarliklarin-besiginde-7-uluslararasi-mardin-bienali-gezisi\/\" \/>\n<meta property=\"og:locale\" content=\"en_US\" \/>\n<meta property=\"og:type\" content=\"article\" \/>\n<meta property=\"og:title\" content=\"[:tr]Mardin Bienal Rotas\u0131: Kadim Uygarl\u0131klar\u0131n Be\u015fi\u011finde 7. Uluslararas\u0131 Mardin Bienali Gezisi[:] - JULES VERNE BUSINESS MICE TRAVEL\" \/>\n<meta property=\"og:description\" content=\"Kuzey Mezopotamya\u2019n\u0131n u\u00e7suz bucaks\u0131z El Cezire d\u00fczl\u00fcklerine tepeden bakan zarif ta\u015f \u015fehir Mardin; bu y\u0131l \u00a0\u00e7ok \u00f6zel bir bulu\u015fmaya ev sahipli\u011fi yap\u0131yor. 7.Uluslararas\u0131 Mardin Bienali, \u201cG\u00d6KZemin\u201d temas\u0131yla kap\u0131lar\u0131n\u0131 a\u00e7arken bizleri sadece bir \u015fehir gezisine de\u011fil, Mezopotamya\u2019n\u0131n \u00e7ok katmanl\u0131 haf\u0131zas\u0131nda bir yolculu\u011funa davet ediyor. \u00a0\" \/>\n<meta property=\"og:url\" content=\"https:\/\/julesverne.com.tr\/gezi\/jules-verne-ozel-gezileri\/mardin-bienal-rotasi-kadim-uygarliklarin-besiginde-7-uluslararasi-mardin-bienali-gezisi\/\" \/>\n<meta property=\"og:site_name\" content=\"JULES VERNE BUSINESS MICE TRAVEL\" \/>\n<meta property=\"article:publisher\" content=\"https:\/\/www.facebook.com\/JulesVerneBusinessMiceTravel\/\" \/>\n<meta property=\"article:modified_time\" content=\"2026-02-25T12:14:42+00:00\" \/>\n<meta property=\"og:image\" content=\"https:\/\/julesverne.com.tr\/wp-content\/uploads\/2024\/02\/mardin-1.jpg\" \/>\n\t<meta property=\"og:image:width\" content=\"1200\" \/>\n\t<meta property=\"og:image:height\" content=\"800\" \/>\n\t<meta property=\"og:image:type\" content=\"image\/jpeg\" \/>\n<meta name=\"twitter:card\" content=\"summary_large_image\" \/>\n<meta name=\"twitter:site\" content=\"@JV_BusinessMice\" \/>\n<meta name=\"twitter:label1\" content=\"Est. reading time\" \/>\n\t<meta name=\"twitter:data1\" content=\"3 minutes\" \/>\n<script type=\"application\/ld+json\" class=\"yoast-schema-graph\">{\"@context\":\"https:\/\/schema.org\",\"@graph\":[{\"@type\":\"WebPage\",\"@id\":\"https:\/\/julesverne.com.tr\/gezi\/jules-verne-ozel-gezileri\/mardin-bienal-rotasi-kadim-uygarliklarin-besiginde-7-uluslararasi-mardin-bienali-gezisi\/\",\"url\":\"https:\/\/julesverne.com.tr\/gezi\/jules-verne-ozel-gezileri\/mardin-bienal-rotasi-kadim-uygarliklarin-besiginde-7-uluslararasi-mardin-bienali-gezisi\/\",\"name\":\"[:tr]Mardin Bienal Rotas\u0131: Kadim Uygarl\u0131klar\u0131n Be\u015fi\u011finde 7. Uluslararas\u0131 Mardin Bienali Gezisi[:] - JULES VERNE BUSINESS MICE TRAVEL\",\"isPartOf\":{\"@id\":\"https:\/\/julesverne.com.tr\/#website\"},\"primaryImageOfPage\":{\"@id\":\"https:\/\/julesverne.com.tr\/gezi\/jules-verne-ozel-gezileri\/mardin-bienal-rotasi-kadim-uygarliklarin-besiginde-7-uluslararasi-mardin-bienali-gezisi\/#primaryimage\"},\"image\":{\"@id\":\"https:\/\/julesverne.com.tr\/gezi\/jules-verne-ozel-gezileri\/mardin-bienal-rotasi-kadim-uygarliklarin-besiginde-7-uluslararasi-mardin-bienali-gezisi\/#primaryimage\"},\"thumbnailUrl\":\"https:\/\/julesverne.com.tr\/wp-content\/uploads\/2024\/02\/mardin-1.jpg\",\"datePublished\":\"2026-02-10T12:43:11+00:00\",\"dateModified\":\"2026-02-25T12:14:42+00:00\",\"description\":\"Kuzey Mezopotamya\u2019n\u0131n u\u00e7suz bucaks\u0131z El Cezire d\u00fczl\u00fcklerine tepeden bakan zarif ta\u015f \u015fehir Mardin; bu y\u0131l \u00a0\u00e7ok \u00f6zel bir bulu\u015fmaya ev sahipli\u011fi yap\u0131yor. 7.Uluslararas\u0131 Mardin Bienali, \u201cG\u00d6KZemin\u201d temas\u0131yla kap\u0131lar\u0131n\u0131 a\u00e7arken bizleri sadece bir \u015fehir gezisine de\u011fil, Mezopotamya\u2019n\u0131n \u00e7ok katmanl\u0131 haf\u0131zas\u0131nda bir yolculu\u011funa davet ediyor. \u00a0\",\"breadcrumb\":{\"@id\":\"https:\/\/julesverne.com.tr\/gezi\/jules-verne-ozel-gezileri\/mardin-bienal-rotasi-kadim-uygarliklarin-besiginde-7-uluslararasi-mardin-bienali-gezisi\/#breadcrumb\"},\"inLanguage\":\"en-US\",\"potentialAction\":[{\"@type\":\"ReadAction\",\"target\":[\"https:\/\/julesverne.com.tr\/gezi\/jules-verne-ozel-gezileri\/mardin-bienal-rotasi-kadim-uygarliklarin-besiginde-7-uluslararasi-mardin-bienali-gezisi\/\"]}]},{\"@type\":\"ImageObject\",\"inLanguage\":\"en-US\",\"@id\":\"https:\/\/julesverne.com.tr\/gezi\/jules-verne-ozel-gezileri\/mardin-bienal-rotasi-kadim-uygarliklarin-besiginde-7-uluslararasi-mardin-bienali-gezisi\/#primaryimage\",\"url\":\"https:\/\/julesverne.com.tr\/wp-content\/uploads\/2024\/02\/mardin-1.jpg\",\"contentUrl\":\"https:\/\/julesverne.com.tr\/wp-content\/uploads\/2024\/02\/mardin-1.jpg\",\"width\":1200,\"height\":800},{\"@type\":\"BreadcrumbList\",\"@id\":\"https:\/\/julesverne.com.tr\/gezi\/jules-verne-ozel-gezileri\/mardin-bienal-rotasi-kadim-uygarliklarin-besiginde-7-uluslararasi-mardin-bienali-gezisi\/#breadcrumb\",\"itemListElement\":[{\"@type\":\"ListItem\",\"position\":1,\"name\":\"Anasayfa\",\"item\":\"https:\/\/julesverne.com.tr\/\"},{\"@type\":\"ListItem\",\"position\":2,\"name\":\"Geziler\",\"item\":\"https:\/\/julesverne.com.tr\/gezi\/\"},{\"@type\":\"ListItem\",\"position\":3,\"name\":\"Mardin Bienal Rotas\u0131: Kadim Uygarl\u0131klar\u0131n Be\u015fi\u011finde 7. Uluslararas\u0131 Mardin Bienali Gezisi\"}]},{\"@type\":\"WebSite\",\"@id\":\"https:\/\/julesverne.com.tr\/#website\",\"url\":\"https:\/\/julesverne.com.tr\/\",\"name\":\"JULES VERNE BUSINESS MICE TRAVEL\",\"description\":\"\",\"publisher\":{\"@id\":\"https:\/\/julesverne.com.tr\/#organization\"},\"potentialAction\":[{\"@type\":\"SearchAction\",\"target\":{\"@type\":\"EntryPoint\",\"urlTemplate\":\"https:\/\/julesverne.com.tr\/?s={search_term_string}\"},\"query-input\":\"required name=search_term_string\"}],\"inLanguage\":\"en-US\"},{\"@type\":\"Organization\",\"@id\":\"https:\/\/julesverne.com.tr\/#organization\",\"name\":\"JULES VERNE BUSINESS MICE TRAVEL\",\"url\":\"https:\/\/julesverne.com.tr\/\",\"logo\":{\"@type\":\"ImageObject\",\"inLanguage\":\"en-US\",\"@id\":\"https:\/\/julesverne.com.tr\/#\/schema\/logo\/image\/\",\"url\":\"https:\/\/julesverne.com.tr\/wp-content\/uploads\/2020\/09\/jv-bmt-logo.png\",\"contentUrl\":\"https:\/\/julesverne.com.tr\/wp-content\/uploads\/2020\/09\/jv-bmt-logo.png\",\"width\":110,\"height\":81,\"caption\":\"JULES VERNE BUSINESS MICE TRAVEL\"},\"image\":{\"@id\":\"https:\/\/julesverne.com.tr\/#\/schema\/logo\/image\/\"},\"sameAs\":[\"https:\/\/www.facebook.com\/JulesVerneBusinessMiceTravel\/\",\"https:\/\/twitter.com\/JV_BusinessMice\",\"https:\/\/www.instagram.com\/julesvernebusinessmicetravel\/\",\"https:\/\/www.linkedin.com\/company\/julesvernebusinessmicetravel\/\",\"https:\/\/www.youtube.com\/channel\/UCAwdsmbZ6tFhu1tea6pkpiw\"]}]}<\/script>\n<!-- \/ Yoast SEO plugin. -->","yoast_head_json":{"title":"[:tr]Mardin Bienal Rotas\u0131: Kadim Uygarl\u0131klar\u0131n Be\u015fi\u011finde 7. Uluslararas\u0131 Mardin Bienali Gezisi[:] - JULES VERNE BUSINESS MICE TRAVEL","description":"Kuzey Mezopotamya\u2019n\u0131n u\u00e7suz bucaks\u0131z El Cezire d\u00fczl\u00fcklerine tepeden bakan zarif ta\u015f \u015fehir Mardin; bu y\u0131l \u00a0\u00e7ok \u00f6zel bir bulu\u015fmaya ev sahipli\u011fi yap\u0131yor. 7.Uluslararas\u0131 Mardin Bienali, \u201cG\u00d6KZemin\u201d temas\u0131yla kap\u0131lar\u0131n\u0131 a\u00e7arken bizleri sadece bir \u015fehir gezisine de\u011fil, Mezopotamya\u2019n\u0131n \u00e7ok katmanl\u0131 haf\u0131zas\u0131nda bir yolculu\u011funa davet ediyor. \u00a0","robots":{"index":"index","follow":"follow","max-snippet":"max-snippet:-1","max-image-preview":"max-image-preview:large","max-video-preview":"max-video-preview:-1"},"canonical":"https:\/\/julesverne.com.tr\/gezi\/jules-verne-ozel-gezileri\/mardin-bienal-rotasi-kadim-uygarliklarin-besiginde-7-uluslararasi-mardin-bienali-gezisi\/","og_locale":"en_US","og_type":"article","og_title":"[:tr]Mardin Bienal Rotas\u0131: Kadim Uygarl\u0131klar\u0131n Be\u015fi\u011finde 7. Uluslararas\u0131 Mardin Bienali Gezisi[:] - JULES VERNE BUSINESS MICE TRAVEL","og_description":"Kuzey Mezopotamya\u2019n\u0131n u\u00e7suz bucaks\u0131z El Cezire d\u00fczl\u00fcklerine tepeden bakan zarif ta\u015f \u015fehir Mardin; bu y\u0131l \u00a0\u00e7ok \u00f6zel bir bulu\u015fmaya ev sahipli\u011fi yap\u0131yor. 7.Uluslararas\u0131 Mardin Bienali, \u201cG\u00d6KZemin\u201d temas\u0131yla kap\u0131lar\u0131n\u0131 a\u00e7arken bizleri sadece bir \u015fehir gezisine de\u011fil, Mezopotamya\u2019n\u0131n \u00e7ok katmanl\u0131 haf\u0131zas\u0131nda bir yolculu\u011funa davet ediyor. \u00a0","og_url":"https:\/\/julesverne.com.tr\/gezi\/jules-verne-ozel-gezileri\/mardin-bienal-rotasi-kadim-uygarliklarin-besiginde-7-uluslararasi-mardin-bienali-gezisi\/","og_site_name":"JULES VERNE BUSINESS MICE TRAVEL","article_publisher":"https:\/\/www.facebook.com\/JulesVerneBusinessMiceTravel\/","article_modified_time":"2026-02-25T12:14:42+00:00","og_image":[{"width":1200,"height":800,"url":"https:\/\/julesverne.com.tr\/wp-content\/uploads\/2024\/02\/mardin-1.jpg","type":"image\/jpeg"}],"twitter_card":"summary_large_image","twitter_site":"@JV_BusinessMice","twitter_misc":{"Est. reading time":"3 minutes"},"schema":{"@context":"https:\/\/schema.org","@graph":[{"@type":"WebPage","@id":"https:\/\/julesverne.com.tr\/gezi\/jules-verne-ozel-gezileri\/mardin-bienal-rotasi-kadim-uygarliklarin-besiginde-7-uluslararasi-mardin-bienali-gezisi\/","url":"https:\/\/julesverne.com.tr\/gezi\/jules-verne-ozel-gezileri\/mardin-bienal-rotasi-kadim-uygarliklarin-besiginde-7-uluslararasi-mardin-bienali-gezisi\/","name":"[:tr]Mardin Bienal Rotas\u0131: Kadim Uygarl\u0131klar\u0131n Be\u015fi\u011finde 7. Uluslararas\u0131 Mardin Bienali Gezisi[:] - JULES VERNE BUSINESS MICE TRAVEL","isPartOf":{"@id":"https:\/\/julesverne.com.tr\/#website"},"primaryImageOfPage":{"@id":"https:\/\/julesverne.com.tr\/gezi\/jules-verne-ozel-gezileri\/mardin-bienal-rotasi-kadim-uygarliklarin-besiginde-7-uluslararasi-mardin-bienali-gezisi\/#primaryimage"},"image":{"@id":"https:\/\/julesverne.com.tr\/gezi\/jules-verne-ozel-gezileri\/mardin-bienal-rotasi-kadim-uygarliklarin-besiginde-7-uluslararasi-mardin-bienali-gezisi\/#primaryimage"},"thumbnailUrl":"https:\/\/julesverne.com.tr\/wp-content\/uploads\/2024\/02\/mardin-1.jpg","datePublished":"2026-02-10T12:43:11+00:00","dateModified":"2026-02-25T12:14:42+00:00","description":"Kuzey Mezopotamya\u2019n\u0131n u\u00e7suz bucaks\u0131z El Cezire d\u00fczl\u00fcklerine tepeden bakan zarif ta\u015f \u015fehir Mardin; bu y\u0131l \u00a0\u00e7ok \u00f6zel bir bulu\u015fmaya ev sahipli\u011fi yap\u0131yor. 7.Uluslararas\u0131 Mardin Bienali, \u201cG\u00d6KZemin\u201d temas\u0131yla kap\u0131lar\u0131n\u0131 a\u00e7arken bizleri sadece bir \u015fehir gezisine de\u011fil, Mezopotamya\u2019n\u0131n \u00e7ok katmanl\u0131 haf\u0131zas\u0131nda bir yolculu\u011funa davet ediyor. \u00a0","breadcrumb":{"@id":"https:\/\/julesverne.com.tr\/gezi\/jules-verne-ozel-gezileri\/mardin-bienal-rotasi-kadim-uygarliklarin-besiginde-7-uluslararasi-mardin-bienali-gezisi\/#breadcrumb"},"inLanguage":"en-US","potentialAction":[{"@type":"ReadAction","target":["https:\/\/julesverne.com.tr\/gezi\/jules-verne-ozel-gezileri\/mardin-bienal-rotasi-kadim-uygarliklarin-besiginde-7-uluslararasi-mardin-bienali-gezisi\/"]}]},{"@type":"ImageObject","inLanguage":"en-US","@id":"https:\/\/julesverne.com.tr\/gezi\/jules-verne-ozel-gezileri\/mardin-bienal-rotasi-kadim-uygarliklarin-besiginde-7-uluslararasi-mardin-bienali-gezisi\/#primaryimage","url":"https:\/\/julesverne.com.tr\/wp-content\/uploads\/2024\/02\/mardin-1.jpg","contentUrl":"https:\/\/julesverne.com.tr\/wp-content\/uploads\/2024\/02\/mardin-1.jpg","width":1200,"height":800},{"@type":"BreadcrumbList","@id":"https:\/\/julesverne.com.tr\/gezi\/jules-verne-ozel-gezileri\/mardin-bienal-rotasi-kadim-uygarliklarin-besiginde-7-uluslararasi-mardin-bienali-gezisi\/#breadcrumb","itemListElement":[{"@type":"ListItem","position":1,"name":"Anasayfa","item":"https:\/\/julesverne.com.tr\/"},{"@type":"ListItem","position":2,"name":"Geziler","item":"https:\/\/julesverne.com.tr\/gezi\/"},{"@type":"ListItem","position":3,"name":"Mardin Bienal Rotas\u0131: Kadim Uygarl\u0131klar\u0131n Be\u015fi\u011finde 7. Uluslararas\u0131 Mardin Bienali Gezisi"}]},{"@type":"WebSite","@id":"https:\/\/julesverne.com.tr\/#website","url":"https:\/\/julesverne.com.tr\/","name":"JULES VERNE BUSINESS MICE TRAVEL","description":"","publisher":{"@id":"https:\/\/julesverne.com.tr\/#organization"},"potentialAction":[{"@type":"SearchAction","target":{"@type":"EntryPoint","urlTemplate":"https:\/\/julesverne.com.tr\/?s={search_term_string}"},"query-input":"required name=search_term_string"}],"inLanguage":"en-US"},{"@type":"Organization","@id":"https:\/\/julesverne.com.tr\/#organization","name":"JULES VERNE BUSINESS MICE TRAVEL","url":"https:\/\/julesverne.com.tr\/","logo":{"@type":"ImageObject","inLanguage":"en-US","@id":"https:\/\/julesverne.com.tr\/#\/schema\/logo\/image\/","url":"https:\/\/julesverne.com.tr\/wp-content\/uploads\/2020\/09\/jv-bmt-logo.png","contentUrl":"https:\/\/julesverne.com.tr\/wp-content\/uploads\/2020\/09\/jv-bmt-logo.png","width":110,"height":81,"caption":"JULES VERNE BUSINESS MICE TRAVEL"},"image":{"@id":"https:\/\/julesverne.com.tr\/#\/schema\/logo\/image\/"},"sameAs":["https:\/\/www.facebook.com\/JulesVerneBusinessMiceTravel\/","https:\/\/twitter.com\/JV_BusinessMice","https:\/\/www.instagram.com\/julesvernebusinessmicetravel\/","https:\/\/www.linkedin.com\/company\/julesvernebusinessmicetravel\/","https:\/\/www.youtube.com\/channel\/UCAwdsmbZ6tFhu1tea6pkpiw"]}]}},"_links":{"self":[{"href":"https:\/\/julesverne.com.tr\/en\/wp-json\/wp\/v2\/gezi\/22452"}],"collection":[{"href":"https:\/\/julesverne.com.tr\/en\/wp-json\/wp\/v2\/gezi"}],"about":[{"href":"https:\/\/julesverne.com.tr\/en\/wp-json\/wp\/v2\/types\/gezi"}],"wp:featuredmedia":[{"embeddable":true,"href":"https:\/\/julesverne.com.tr\/en\/wp-json\/wp\/v2\/media\/16765"}],"wp:attachment":[{"href":"https:\/\/julesverne.com.tr\/en\/wp-json\/wp\/v2\/media?parent=22452"}],"wp:term":[{"taxonomy":"gezi_kategorisi","embeddable":true,"href":"https:\/\/julesverne.com.tr\/en\/wp-json\/wp\/v2\/gezi_kategorisi?post=22452"},{"taxonomy":"gezi_etiketi","embeddable":true,"href":"https:\/\/julesverne.com.tr\/en\/wp-json\/wp\/v2\/gezi_etiketi?post=22452"}],"curies":[{"name":"wp","href":"https:\/\/api.w.org\/{rel}","templated":true}]}}