{"version":"1.0","provider_name":"JULES VERNE BUSINESS MICE TRAVEL","provider_url":"https:\/\/julesverne.com.tr\/en","author_name":"Ebru Alt\u0131n","author_url":"https:\/\/julesverne.com.tr\/en\/author\/ebru-altin\/","title":"Kurban Bayram\u0131'nda Yurt D\u0131\u015f\u0131nda Gidebilece\u011finiz En \u0130yi 10 Rota! - JULES VERNE BUSINESS MICE TRAVEL","type":"rich","width":600,"height":338,"html":"<blockquote class=\"wp-embedded-content\" data-secret=\"OXCrn6CrdR\"><a href=\"https:\/\/julesverne.com.tr\/en\/travel-blog\/nereye-gitsek\/kurban-bayrami-yurt-disi-rotalar\/\">Kurban Bayram\u0131&#8217;nda Yurt D\u0131\u015f\u0131nda Gidebilece\u011finiz En \u0130yi 10 Rota!<\/a><\/blockquote><iframe sandbox=\"allow-scripts\" security=\"restricted\" src=\"https:\/\/julesverne.com.tr\/en\/travel-blog\/nereye-gitsek\/kurban-bayrami-yurt-disi-rotalar\/embed\/#?secret=OXCrn6CrdR\" width=\"600\" height=\"338\" title=\"&#8220;Kurban Bayram\u0131&#8217;nda Yurt D\u0131\u015f\u0131nda Gidebilece\u011finiz En \u0130yi 10 Rota!&#8221; &#8212; JULES VERNE BUSINESS MICE TRAVEL\" data-secret=\"OXCrn6CrdR\" frameborder=\"0\" marginwidth=\"0\" marginheight=\"0\" scrolling=\"no\" class=\"wp-embedded-content\"><\/iframe><script type=\"text\/javascript\">\n\/* <![CDATA[ *\/\n\/*! This file is auto-generated *\/\n!function(d,l){\"use strict\";l.querySelector&&d.addEventListener&&\"undefined\"!=typeof URL&&(d.wp=d.wp||{},d.wp.receiveEmbedMessage||(d.wp.receiveEmbedMessage=function(e){var t=e.data;if((t||t.secret||t.message||t.value)&&!\/[^a-zA-Z0-9]\/.test(t.secret)){for(var s,r,n,a=l.querySelectorAll('iframe[data-secret=\"'+t.secret+'\"]'),o=l.querySelectorAll('blockquote[data-secret=\"'+t.secret+'\"]'),c=new RegExp(\"^https?:$\",\"i\"),i=0;i<o.length;i++)o[i].style.display=\"none\";for(i=0;i<a.length;i++)s=a[i],e.source===s.contentWindow&&(s.removeAttribute(\"style\"),\"height\"===t.message?(1e3<(r=parseInt(t.value,10))?r=1e3:~~r<200&&(r=200),s.height=r):\"link\"===t.message&&(r=new URL(s.getAttribute(\"src\")),n=new URL(t.value),c.test(n.protocol))&&n.host===r.host&&l.activeElement===s&&(d.top.location.href=t.value))}},d.addEventListener(\"message\",d.wp.receiveEmbedMessage,!1),l.addEventListener(\"DOMContentLoaded\",function(){for(var e,t,s=l.querySelectorAll(\"iframe.wp-embedded-content\"),r=0;r<s.length;r++)(t=(e=s[r]).getAttribute(\"data-secret\"))||(t=Math.random().toString(36).substring(2,12),e.src+=\"#?secret=\"+t,e.setAttribute(\"data-secret\",t)),e.contentWindow.postMessage({message:\"ready\",secret:t},\"*\")},!1)))}(window,document);\n\/* ]]> *\/\n<\/script>\n","thumbnail_url":"https:\/\/julesverne.com.tr\/wp-content\/uploads\/2021\/07\/isvicre.jpg","thumbnail_width":1200,"thumbnail_height":800,"description":"Kurban Bayram\u0131 i\u00e7in geri say\u0131m ba\u015flad\u0131. K\u0131s\u0131tlamalar\u0131n kalkmas\u0131 ve a\u015f\u0131lanma oran\u0131n\u0131n artmas\u0131yla birlikte tatil haz\u0131rl\u0131klar\u0131 da h\u0131z kazand\u0131. \u00d6zlemini \u00e7ekti\u011finiz r\u00fcya gibi bir bayram tatili ile hem dinlenecek hem de en keyifli zaman\u0131 aileniz ve sevdiklerinizle birlikte ge\u00e7irebileceksiniz. Y\u0131l\u0131n en beklenen tatillerinden biri olan Kurban Bayram\u0131 tatili i\u00e7in nereye gidece\u011finize daha karar vermediyseniz, do\u011fru yerdesiniz. Kurban Bayram\u0131 tatilini yurt d\u0131\u015f\u0131nda de\u011ferlendirmek isteyenler i\u00e7in Almanya\u2019dan Fransa ve \u0130spanya\u2019ya, Montenegro\u2019dan Malta, Zanzibar, Maldivler ve Sey\u015feller\u2019e uzanan birbirinden g\u00fczel \u00f6nerilerimiz var."}