{"version":"1.0","provider_name":"JULES VERNE BUSINESS MICE TRAVEL","provider_url":"https:\/\/julesverne.com.tr\/en","author_name":"senem.ekermen","author_url":"https:\/\/julesverne.com.tr\/en\/author\/senem-ekermen\/","title":"Fas Seyahat Prosed\u00fcrleri ve Fas'\u0131n G\u00f6r\u00fclmeye De\u011fer \u015eehirleri - JULES VERNE BUSINESS MICE TRAVEL","type":"rich","width":600,"height":338,"html":"<blockquote class=\"wp-embedded-content\" data-secret=\"WPQRGv38zn\"><a href=\"https:\/\/julesverne.com.tr\/en\/travel-blog\/fas-sehirler\/\">Fas Seyahat Prosed\u00fcrleri ve Fas&#8217;\u0131n G\u00f6r\u00fclmeye De\u011fer \u015eehirleri<\/a><\/blockquote><iframe sandbox=\"allow-scripts\" security=\"restricted\" src=\"https:\/\/julesverne.com.tr\/en\/travel-blog\/fas-sehirler\/embed\/#?secret=WPQRGv38zn\" width=\"600\" height=\"338\" title=\"&#8220;Fas Seyahat Prosed\u00fcrleri ve Fas&#8217;\u0131n G\u00f6r\u00fclmeye De\u011fer \u015eehirleri&#8221; &#8212; JULES VERNE BUSINESS MICE TRAVEL\" data-secret=\"WPQRGv38zn\" frameborder=\"0\" marginwidth=\"0\" marginheight=\"0\" scrolling=\"no\" class=\"wp-embedded-content\"><\/iframe><script type=\"text\/javascript\">\n\/* <![CDATA[ *\/\n\/*! This file is auto-generated *\/\n!function(d,l){\"use strict\";l.querySelector&&d.addEventListener&&\"undefined\"!=typeof URL&&(d.wp=d.wp||{},d.wp.receiveEmbedMessage||(d.wp.receiveEmbedMessage=function(e){var t=e.data;if((t||t.secret||t.message||t.value)&&!\/[^a-zA-Z0-9]\/.test(t.secret)){for(var s,r,n,a=l.querySelectorAll('iframe[data-secret=\"'+t.secret+'\"]'),o=l.querySelectorAll('blockquote[data-secret=\"'+t.secret+'\"]'),c=new RegExp(\"^https?:$\",\"i\"),i=0;i<o.length;i++)o[i].style.display=\"none\";for(i=0;i<a.length;i++)s=a[i],e.source===s.contentWindow&&(s.removeAttribute(\"style\"),\"height\"===t.message?(1e3<(r=parseInt(t.value,10))?r=1e3:~~r<200&&(r=200),s.height=r):\"link\"===t.message&&(r=new URL(s.getAttribute(\"src\")),n=new URL(t.value),c.test(n.protocol))&&n.host===r.host&&l.activeElement===s&&(d.top.location.href=t.value))}},d.addEventListener(\"message\",d.wp.receiveEmbedMessage,!1),l.addEventListener(\"DOMContentLoaded\",function(){for(var e,t,s=l.querySelectorAll(\"iframe.wp-embedded-content\"),r=0;r<s.length;r++)(t=(e=s[r]).getAttribute(\"data-secret\"))||(t=Math.random().toString(36).substring(2,12),e.src+=\"#?secret=\"+t,e.setAttribute(\"data-secret\",t)),e.contentWindow.postMessage({message:\"ready\",secret:t},\"*\")},!1)))}(window,document);\n\/* ]]> *\/\n<\/script>\n","thumbnail_url":"https:\/\/julesverne.com.tr\/wp-content\/uploads\/2018\/02\/marakes-medina_shutterstock_778448884.jpg","thumbnail_width":1000,"thumbnail_height":668,"description":"Kuzey Afrika'n\u0131n incisi Fas mistik ve b\u00fcy\u00fcleyici \u015fehirleriyle gezginleri kendine \u00e7eken bir cennet k\u00f6\u015fesi. \u00dcstelik T\u00fcrk vatanda\u015flar\u0131 i\u00e7in vize kolayl\u0131\u011f\u0131 sunmas\u0131, bu egzotik destinasyonu daha da cazip k\u0131l\u0131yor. Tarihi medinalar, labirent gibi sokaklar, canl\u0131 pazarlar, g\u00f6rkemli saraylar ve u\u00e7suz bucaks\u0131z \u00e7\u00f6ller, Fas'\u0131 benzersiz bir seyahat deneyimi haline getiriyor."}