{"version":"1.0","provider_name":"JULES VERNE BUSINESS MICE TRAVEL","provider_url":"https:\/\/julesverne.com.tr\/en","author_name":"Ebru Alt\u0131n","author_url":"https:\/\/julesverne.com.tr\/en\/author\/ebru-altin\/","title":"(TR) D\u00fcnyan\u0131n G\u00f6r\u00fclmeye De\u011fer En Yeni Sahil Otelleri - JULES VERNE BUSINESS MICE TRAVEL","type":"rich","width":600,"height":338,"html":"<blockquote class=\"wp-embedded-content\" data-secret=\"if9CSTWoWm\"><a href=\"https:\/\/julesverne.com.tr\/en\/travel-blog\/dunyanin-gorulmeye-deger-en-yeni-sahil-otelleri\/\">(TR) D\u00fcnyan\u0131n G\u00f6r\u00fclmeye De\u011fer En Yeni Sahil Otelleri<\/a><\/blockquote><iframe sandbox=\"allow-scripts\" security=\"restricted\" src=\"https:\/\/julesverne.com.tr\/en\/travel-blog\/dunyanin-gorulmeye-deger-en-yeni-sahil-otelleri\/embed\/#?secret=if9CSTWoWm\" width=\"600\" height=\"338\" title=\"&#8220;(TR) D\u00fcnyan\u0131n G\u00f6r\u00fclmeye De\u011fer En Yeni Sahil Otelleri&#8221; &#8212; JULES VERNE BUSINESS MICE TRAVEL\" data-secret=\"if9CSTWoWm\" frameborder=\"0\" marginwidth=\"0\" marginheight=\"0\" scrolling=\"no\" class=\"wp-embedded-content\"><\/iframe><script type=\"text\/javascript\">\n\/* <![CDATA[ *\/\n\/*! This file is auto-generated *\/\n!function(d,l){\"use strict\";l.querySelector&&d.addEventListener&&\"undefined\"!=typeof URL&&(d.wp=d.wp||{},d.wp.receiveEmbedMessage||(d.wp.receiveEmbedMessage=function(e){var t=e.data;if((t||t.secret||t.message||t.value)&&!\/[^a-zA-Z0-9]\/.test(t.secret)){for(var s,r,n,a=l.querySelectorAll('iframe[data-secret=\"'+t.secret+'\"]'),o=l.querySelectorAll('blockquote[data-secret=\"'+t.secret+'\"]'),c=new RegExp(\"^https?:$\",\"i\"),i=0;i<o.length;i++)o[i].style.display=\"none\";for(i=0;i<a.length;i++)s=a[i],e.source===s.contentWindow&&(s.removeAttribute(\"style\"),\"height\"===t.message?(1e3<(r=parseInt(t.value,10))?r=1e3:~~r<200&&(r=200),s.height=r):\"link\"===t.message&&(r=new URL(s.getAttribute(\"src\")),n=new URL(t.value),c.test(n.protocol))&&n.host===r.host&&l.activeElement===s&&(d.top.location.href=t.value))}},d.addEventListener(\"message\",d.wp.receiveEmbedMessage,!1),l.addEventListener(\"DOMContentLoaded\",function(){for(var e,t,s=l.querySelectorAll(\"iframe.wp-embedded-content\"),r=0;r<s.length;r++)(t=(e=s[r]).getAttribute(\"data-secret\"))||(t=Math.random().toString(36).substring(2,12),e.src+=\"#?secret=\"+t,e.setAttribute(\"data-secret\",t)),e.contentWindow.postMessage({message:\"ready\",secret:t},\"*\")},!1)))}(window,document);\n\/* ]]> *\/\n<\/script>\n","thumbnail_url":"https:\/\/julesverne.com.tr\/wp-content\/uploads\/2023\/05\/W-Costa-Navarino-1-1-scaled.jpg","thumbnail_width":1600,"thumbnail_height":1067,"description":"\u015eimdi her \u015feyi bir kenara b\u0131rak\u0131p, hayalinizdeki deniz tatilini d\u00fc\u015f\u00fcn\u00fcn. Kalabal\u0131k ve binalardan uzakta, kendinizi yaln\u0131zca mavinin tonlar\u0131na b\u0131rakabilece\u011finiz r\u00fcya gibi bir tatil fikrine kim hay\u0131r diyebilir ki\u2026 U\u00e7suz bucaks\u0131z kumlar\u0131n s\u0131cakl\u0131\u011f\u0131n\u0131 hissederken, hayallerinizi s\u00fcsleyen r\u00fcya gibi bir konaklama deneyimine ad\u0131m ad\u0131m yakla\u015fabilece\u011finiz d\u00fcnyan\u0131n g\u00f6r\u00fclmeye de\u011fer en yeni sahil otellerini sizler i\u00e7in derledik. \u0130\u015fte evinizin konforunu aratmayacak, d\u00fcnyan\u0131n g\u00f6r\u00fclmeye de\u011fer en yeni sahil otelleri\u2026"}