{"version":"1.0","provider_name":"JULES VERNE BUSINESS MICE TRAVEL","provider_url":"https:\/\/julesverne.com.tr\/en","author_name":"Ebru Alt\u0131n","author_url":"https:\/\/julesverne.com.tr\/en\/author\/ebru-altin\/","title":"(TR) Ramazan Bayram\u0131'nda Jules Verne \u00d6zel Gezileri ile Avrupa\u2019n\u0131n En Keyifli Destinasyonlar\u0131n\u0131 Ke\u015ffedin! - JULES VERNE BUSINESS MICE TRAVEL","type":"rich","width":600,"height":338,"html":"<blockquote class=\"wp-embedded-content\" data-secret=\"k76K6jsv6S\"><a href=\"https:\/\/julesverne.com.tr\/en\/travel-blog\/bayram-tatili-avrupa-jules-verne-ozel-gezileri\/\">(TR) Ramazan Bayram\u0131&#8217;nda Jules Verne \u00d6zel Gezileri ile Avrupa\u2019n\u0131n En Keyifli Destinasyonlar\u0131n\u0131 Ke\u015ffedin!<\/a><\/blockquote><iframe sandbox=\"allow-scripts\" security=\"restricted\" src=\"https:\/\/julesverne.com.tr\/en\/travel-blog\/bayram-tatili-avrupa-jules-verne-ozel-gezileri\/embed\/#?secret=k76K6jsv6S\" width=\"600\" height=\"338\" title=\"&#8220;(TR) Ramazan Bayram\u0131&#8217;nda Jules Verne \u00d6zel Gezileri ile Avrupa\u2019n\u0131n En Keyifli Destinasyonlar\u0131n\u0131 Ke\u015ffedin!&#8221; &#8212; JULES VERNE BUSINESS MICE TRAVEL\" data-secret=\"k76K6jsv6S\" frameborder=\"0\" marginwidth=\"0\" marginheight=\"0\" scrolling=\"no\" class=\"wp-embedded-content\"><\/iframe><script type=\"text\/javascript\">\n\/* <![CDATA[ *\/\n\/*! This file is auto-generated *\/\n!function(d,l){\"use strict\";l.querySelector&&d.addEventListener&&\"undefined\"!=typeof URL&&(d.wp=d.wp||{},d.wp.receiveEmbedMessage||(d.wp.receiveEmbedMessage=function(e){var t=e.data;if((t||t.secret||t.message||t.value)&&!\/[^a-zA-Z0-9]\/.test(t.secret)){for(var s,r,n,a=l.querySelectorAll('iframe[data-secret=\"'+t.secret+'\"]'),o=l.querySelectorAll('blockquote[data-secret=\"'+t.secret+'\"]'),c=new RegExp(\"^https?:$\",\"i\"),i=0;i<o.length;i++)o[i].style.display=\"none\";for(i=0;i<a.length;i++)s=a[i],e.source===s.contentWindow&&(s.removeAttribute(\"style\"),\"height\"===t.message?(1e3<(r=parseInt(t.value,10))?r=1e3:~~r<200&&(r=200),s.height=r):\"link\"===t.message&&(r=new URL(s.getAttribute(\"src\")),n=new URL(t.value),c.test(n.protocol))&&n.host===r.host&&l.activeElement===s&&(d.top.location.href=t.value))}},d.addEventListener(\"message\",d.wp.receiveEmbedMessage,!1),l.addEventListener(\"DOMContentLoaded\",function(){for(var e,t,s=l.querySelectorAll(\"iframe.wp-embedded-content\"),r=0;r<s.length;r++)(t=(e=s[r]).getAttribute(\"data-secret\"))||(t=Math.random().toString(36).substring(2,12),e.src+=\"#?secret=\"+t,e.setAttribute(\"data-secret\",t)),e.contentWindow.postMessage({message:\"ready\",secret:t},\"*\")},!1)))}(window,document);\n\/* ]]> *\/\n<\/script>\n","thumbnail_url":"https:\/\/julesverne.com.tr\/wp-content\/uploads\/2022\/03\/taormina_sicilya.jpg","thumbnail_width":999,"thumbnail_height":666,"description":"Ramazan Bayram\u0131 tatiliniz i\u00e7in Avrupa'daki en \u00f6zel, en g\u00fczel destinasyonlarda yerlerinizi ay\u0131rtt\u0131k. Do\u011fan\u0131n yeniden uyand\u0131\u011f\u0131, a\u011fa\u00e7lar\u0131n ve \u00e7i\u00e7eklerin rengarenk bir g\u00f6r\u00fcn\u00fcme kavu\u015ftu\u011fu bahar\u0131, bayram co\u015fkusu e\u015fli\u011finde Avrupa\u2019n\u0131n en \u00e7ok \u00f6zlenen destinasyonlar\u0131nda Jules Verne \u00d6zel Gezileri ile kar\u015f\u0131lamaya ne dersiniz? \u00a0Toskana\u2019dan End\u00fcl\u00fcs\u2019e; Sicilya\u2019dan Portekiz\u2019e uzanan birbirinden \u00f6zel rotalarda, keyifli an\u0131lar biriktirece\u011finiz Jules Verne \u00d6zel Gezileri..."}