{"version":"1.0","provider_name":"JULES VERNE BUSINESS MICE TRAVEL","provider_url":"https:\/\/julesverne.com.tr\/en","author_name":"Ebru Alt\u0131n","author_url":"https:\/\/julesverne.com.tr\/en\/author\/ebru-altin\/","title":"(TR) Avrupa\u2019da Yeni Y\u0131l Heyecan\u0131: En Keyifli Noel Pazarlar\u0131 - JULES VERNE BUSINESS MICE TRAVEL","type":"rich","width":600,"height":338,"html":"<blockquote class=\"wp-embedded-content\" data-secret=\"PyppxmGRiG\"><a href=\"https:\/\/julesverne.com.tr\/en\/travel-blog\/avrupa-nin-en-guzel-noel-pazarlari\/\">(TR) Avrupa\u2019da Yeni Y\u0131l Heyecan\u0131: En Keyifli Noel Pazarlar\u0131<\/a><\/blockquote><iframe sandbox=\"allow-scripts\" security=\"restricted\" src=\"https:\/\/julesverne.com.tr\/en\/travel-blog\/avrupa-nin-en-guzel-noel-pazarlari\/embed\/#?secret=PyppxmGRiG\" width=\"600\" height=\"338\" title=\"&#8220;(TR) Avrupa\u2019da Yeni Y\u0131l Heyecan\u0131: En Keyifli Noel Pazarlar\u0131&#8221; &#8212; JULES VERNE BUSINESS MICE TRAVEL\" data-secret=\"PyppxmGRiG\" frameborder=\"0\" marginwidth=\"0\" marginheight=\"0\" scrolling=\"no\" class=\"wp-embedded-content\"><\/iframe><script type=\"text\/javascript\">\n\/* <![CDATA[ *\/\n\/*! This file is auto-generated *\/\n!function(d,l){\"use strict\";l.querySelector&&d.addEventListener&&\"undefined\"!=typeof URL&&(d.wp=d.wp||{},d.wp.receiveEmbedMessage||(d.wp.receiveEmbedMessage=function(e){var t=e.data;if((t||t.secret||t.message||t.value)&&!\/[^a-zA-Z0-9]\/.test(t.secret)){for(var s,r,n,a=l.querySelectorAll('iframe[data-secret=\"'+t.secret+'\"]'),o=l.querySelectorAll('blockquote[data-secret=\"'+t.secret+'\"]'),c=new RegExp(\"^https?:$\",\"i\"),i=0;i<o.length;i++)o[i].style.display=\"none\";for(i=0;i<a.length;i++)s=a[i],e.source===s.contentWindow&&(s.removeAttribute(\"style\"),\"height\"===t.message?(1e3<(r=parseInt(t.value,10))?r=1e3:~~r<200&&(r=200),s.height=r):\"link\"===t.message&&(r=new URL(s.getAttribute(\"src\")),n=new URL(t.value),c.test(n.protocol))&&n.host===r.host&&l.activeElement===s&&(d.top.location.href=t.value))}},d.addEventListener(\"message\",d.wp.receiveEmbedMessage,!1),l.addEventListener(\"DOMContentLoaded\",function(){for(var e,t,s=l.querySelectorAll(\"iframe.wp-embedded-content\"),r=0;r<s.length;r++)(t=(e=s[r]).getAttribute(\"data-secret\"))||(t=Math.random().toString(36).substring(2,12),e.src+=\"#?secret=\"+t,e.setAttribute(\"data-secret\",t)),e.contentWindow.postMessage({message:\"ready\",secret:t},\"*\")},!1)))}(window,document);\n\/* ]]> *\/\n<\/script>\n","thumbnail_url":"https:\/\/julesverne.com.tr\/wp-content\/uploads\/2024\/11\/179445269_m_normal_none-scaled.jpg","thumbnail_width":1600,"thumbnail_height":1067,"description":"K\u0131\u015f\u0131n geli\u015fiyle birlikte, Avrupa\u2019n\u0131n kalbi Noel pazarlar\u0131n\u0131n b\u00fcy\u00fcl\u00fc atmosferinde atmaya ba\u015fl\u0131yor. I\u015f\u0131l \u0131\u015f\u0131l s\u00fcslenmi\u015f sokaklar, s\u0131cac\u0131k ah\u015fap kul\u00fcbeler ve her k\u00f6\u015feden yay\u0131lan leziz kokular, ziyaret\u00e7ilere unutulmaz bir Noel deneyimi sunuyor. El yap\u0131m\u0131 hediyelik e\u015fyalar\u0131n s\u0131raland\u0131\u011f\u0131 bu renkli tezgahlarda sevdikleriniz i\u00e7in \u00f6zel s\u00fcrprizler bulabilir, s\u0131cak \u015farab\u0131n\u0131z\u0131 yudumlarken k\u0131\u015f\u0131n tad\u0131n\u0131 \u00e7\u0131karabilirsiniz. Bu k\u0131\u015f, Avrupa\u2019n\u0131n birbirinden g\u00fczel k\u00f6\u015felerinde kurulan Noel pazarlar\u0131n\u0131 ke\u015ffederek, y\u0131lba\u015f\u0131 ruhunu tam anlam\u0131yla ya\u015fayabilirsiniz!"}