{"version":"1.0","provider_name":"JULES VERNE BUSINESS MICE TRAVEL","provider_url":"https:\/\/julesverne.com.tr\/en","author_name":"Ebru Alt\u0131n","author_url":"https:\/\/julesverne.com.tr\/en\/author\/ebru-altin\/","title":"(TR) K\u0131\u015f\u0131n En G\u00fczel Ritimlerinden Biri Slovenya\u2019da At\u0131yor - JULES VERNE BUSINESS MICE TRAVEL","type":"rich","width":600,"height":338,"html":"<blockquote class=\"wp-embedded-content\" data-secret=\"AhCZLVHtNL\"><a href=\"https:\/\/julesverne.com.tr\/en\/travel-blog\/aralik-slovenya\/\">(TR) K\u0131\u015f\u0131n En G\u00fczel Ritimlerinden Biri Slovenya\u2019da At\u0131yor<\/a><\/blockquote><iframe sandbox=\"allow-scripts\" security=\"restricted\" src=\"https:\/\/julesverne.com.tr\/en\/travel-blog\/aralik-slovenya\/embed\/#?secret=AhCZLVHtNL\" width=\"600\" height=\"338\" title=\"&#8220;(TR) K\u0131\u015f\u0131n En G\u00fczel Ritimlerinden Biri Slovenya\u2019da At\u0131yor&#8221; &#8212; JULES VERNE BUSINESS MICE TRAVEL\" data-secret=\"AhCZLVHtNL\" frameborder=\"0\" marginwidth=\"0\" marginheight=\"0\" scrolling=\"no\" class=\"wp-embedded-content\"><\/iframe><script type=\"text\/javascript\">\n\/* <![CDATA[ *\/\n\/*! This file is auto-generated *\/\n!function(d,l){\"use strict\";l.querySelector&&d.addEventListener&&\"undefined\"!=typeof URL&&(d.wp=d.wp||{},d.wp.receiveEmbedMessage||(d.wp.receiveEmbedMessage=function(e){var t=e.data;if((t||t.secret||t.message||t.value)&&!\/[^a-zA-Z0-9]\/.test(t.secret)){for(var s,r,n,a=l.querySelectorAll('iframe[data-secret=\"'+t.secret+'\"]'),o=l.querySelectorAll('blockquote[data-secret=\"'+t.secret+'\"]'),c=new RegExp(\"^https?:$\",\"i\"),i=0;i<o.length;i++)o[i].style.display=\"none\";for(i=0;i<a.length;i++)s=a[i],e.source===s.contentWindow&&(s.removeAttribute(\"style\"),\"height\"===t.message?(1e3<(r=parseInt(t.value,10))?r=1e3:~~r<200&&(r=200),s.height=r):\"link\"===t.message&&(r=new URL(s.getAttribute(\"src\")),n=new URL(t.value),c.test(n.protocol))&&n.host===r.host&&l.activeElement===s&&(d.top.location.href=t.value))}},d.addEventListener(\"message\",d.wp.receiveEmbedMessage,!1),l.addEventListener(\"DOMContentLoaded\",function(){for(var e,t,s=l.querySelectorAll(\"iframe.wp-embedded-content\"),r=0;r<s.length;r++)(t=(e=s[r]).getAttribute(\"data-secret\"))||(t=Math.random().toString(36).substring(2,12),e.src+=\"#?secret=\"+t,e.setAttribute(\"data-secret\",t)),e.contentWindow.postMessage({message:\"ready\",secret:t},\"*\")},!1)))}(window,document);\n\/* ]]> *\/\n<\/script>\n","thumbnail_url":"https:\/\/julesverne.com.tr\/wp-content\/uploads\/2025\/11\/Ljubljana-1-scaled.jpg","thumbnail_width":1600,"thumbnail_height":645,"description":"Aral\u0131k ay\u0131nda Slovenya \u0131\u015f\u0131k, m\u00fczik ve huzurla parlayan bir k\u0131\u015f masal\u0131na d\u00f6n\u00fc\u015f\u00fcyor. Ljubljana\u2019n\u0131n y\u0131lba\u015f\u0131 pazarlar\u0131ndan Bled G\u00f6l\u00fc\u2019n\u00fcn sessizli\u011fine, Radovljica\u2019n\u0131n geleneksel atmosferinden Postojna Ma\u011faras\u0131\u2019n\u0131n b\u00fcy\u00fcleyici \u201cYa\u015fayan Do\u011fu\u015f Sahnesi\u201dne uzanan bu yolculuk, k\u0131\u015f\u0131n en \u00f6zel deneyimlerinden birini sunuyor."}