{"version":"1.0","provider_name":"JULES VERNE BUSINESS MICE TRAVEL","provider_url":"https:\/\/julesverne.com.tr\/en","author_name":"Ebru Alt\u0131n","author_url":"https:\/\/julesverne.com.tr\/en\/author\/ebru-altin\/","title":"(TR) THY Ramazan Kampanyas\u0131 ile T\u00fcm Yurt \u0130\u00e7i U\u00e7u\u015flar 799 TRY\u2019den Ba\u015flayan Fiyatlarla! - JULES VERNE BUSINESS MICE TRAVEL","type":"rich","width":600,"height":338,"html":"<blockquote class=\"wp-embedded-content\" data-secret=\"KFenni7oS6\"><a href=\"https:\/\/julesverne.com.tr\/en\/haberler\/travel-haberler\/thy-ramazan-kampanyasi-yurtici\/\">(TR) THY Ramazan Kampanyas\u0131 ile T\u00fcm Yurt \u0130\u00e7i U\u00e7u\u015flar 799 TRY\u2019den Ba\u015flayan Fiyatlarla!<\/a><\/blockquote><iframe sandbox=\"allow-scripts\" security=\"restricted\" src=\"https:\/\/julesverne.com.tr\/en\/haberler\/travel-haberler\/thy-ramazan-kampanyasi-yurtici\/embed\/#?secret=KFenni7oS6\" width=\"600\" height=\"338\" title=\"&#8220;(TR) THY Ramazan Kampanyas\u0131 ile T\u00fcm Yurt \u0130\u00e7i U\u00e7u\u015flar 799 TRY\u2019den Ba\u015flayan Fiyatlarla!&#8221; &#8212; JULES VERNE BUSINESS MICE TRAVEL\" data-secret=\"KFenni7oS6\" frameborder=\"0\" marginwidth=\"0\" marginheight=\"0\" scrolling=\"no\" class=\"wp-embedded-content\"><\/iframe><script type=\"text\/javascript\">\n\/* <![CDATA[ *\/\n\/*! This file is auto-generated *\/\n!function(d,l){\"use strict\";l.querySelector&&d.addEventListener&&\"undefined\"!=typeof URL&&(d.wp=d.wp||{},d.wp.receiveEmbedMessage||(d.wp.receiveEmbedMessage=function(e){var t=e.data;if((t||t.secret||t.message||t.value)&&!\/[^a-zA-Z0-9]\/.test(t.secret)){for(var s,r,n,a=l.querySelectorAll('iframe[data-secret=\"'+t.secret+'\"]'),o=l.querySelectorAll('blockquote[data-secret=\"'+t.secret+'\"]'),c=new RegExp(\"^https?:$\",\"i\"),i=0;i<o.length;i++)o[i].style.display=\"none\";for(i=0;i<a.length;i++)s=a[i],e.source===s.contentWindow&&(s.removeAttribute(\"style\"),\"height\"===t.message?(1e3<(r=parseInt(t.value,10))?r=1e3:~~r<200&&(r=200),s.height=r):\"link\"===t.message&&(r=new URL(s.getAttribute(\"src\")),n=new URL(t.value),c.test(n.protocol))&&n.host===r.host&&l.activeElement===s&&(d.top.location.href=t.value))}},d.addEventListener(\"message\",d.wp.receiveEmbedMessage,!1),l.addEventListener(\"DOMContentLoaded\",function(){for(var e,t,s=l.querySelectorAll(\"iframe.wp-embedded-content\"),r=0;r<s.length;r++)(t=(e=s[r]).getAttribute(\"data-secret\"))||(t=Math.random().toString(36).substring(2,12),e.src+=\"#?secret=\"+t,e.setAttribute(\"data-secret\",t)),e.contentWindow.postMessage({message:\"ready\",secret:t},\"*\")},!1)))}(window,document);\n\/* ]]> *\/\n<\/script>\n","thumbnail_url":"https:\/\/julesverne.com.tr\/wp-content\/uploads\/2021\/03\/kapadokya_shutterstock_1293922393.jpg","thumbnail_width":1000,"thumbnail_height":628,"description":"T\u00fcrkiye\u2019nin her k\u00f6\u015fesi Ramazan ay\u0131nda da sizi, yepyeni deneyimlere ve birbirinden g\u00fczel rotalara davet ediyor. \u0130stanbul\u2019un tarihi yerleri, Konya\u2019n\u0131n manevi atmosferi, Kapadokya\u2019n\u0131n ikonik peri bacalar\u0131 ve Karadeniz\u2019in g\u00f6z al\u0131c\u0131 ye\u015fillikleri ile T\u00fcrkiye\u2019nin d\u00f6rt bir yan\u0131n\u0131 T\u00fcrk Hava Yollar\u0131\u2019n\u0131n Ramazan Kampanyas\u0131 ile 799 TL\u2019den ba\u015flayan fiyatlar\u0131 ile ke\u015ffetmeye ne dersiniz?"}