{"version":"1.0","provider_name":"JULES VERNE BUSINESS MICE TRAVEL","provider_url":"https:\/\/julesverne.com.tr\/en","author_name":"Ebru Alt\u0131n","author_url":"https:\/\/julesverne.com.tr\/en\/author\/ebru-altin\/","title":"(TR) T\u00fcrk Hava Yollar\u0131 ile Do\u011fu Avrupa\u2019y\u0131 Ke\u015ffetmenin Tam Zaman\u0131! - JULES VERNE BUSINESS MICE TRAVEL","type":"rich","width":600,"height":338,"html":"<blockquote class=\"wp-embedded-content\" data-secret=\"Ax9jnqXtMm\"><a href=\"https:\/\/julesverne.com.tr\/en\/haberler\/travel-haberler\/thy-dogu-avrupa-kampanyasi\/\">(TR) T\u00fcrk Hava Yollar\u0131 ile Do\u011fu Avrupa\u2019y\u0131 Ke\u015ffetmenin Tam Zaman\u0131!<\/a><\/blockquote><iframe sandbox=\"allow-scripts\" security=\"restricted\" src=\"https:\/\/julesverne.com.tr\/en\/haberler\/travel-haberler\/thy-dogu-avrupa-kampanyasi\/embed\/#?secret=Ax9jnqXtMm\" width=\"600\" height=\"338\" title=\"&#8220;(TR) T\u00fcrk Hava Yollar\u0131 ile Do\u011fu Avrupa\u2019y\u0131 Ke\u015ffetmenin Tam Zaman\u0131!&#8221; &#8212; JULES VERNE BUSINESS MICE TRAVEL\" data-secret=\"Ax9jnqXtMm\" frameborder=\"0\" marginwidth=\"0\" marginheight=\"0\" scrolling=\"no\" class=\"wp-embedded-content\"><\/iframe><script type=\"text\/javascript\">\n\/* <![CDATA[ *\/\n\/*! This file is auto-generated *\/\n!function(d,l){\"use strict\";l.querySelector&&d.addEventListener&&\"undefined\"!=typeof URL&&(d.wp=d.wp||{},d.wp.receiveEmbedMessage||(d.wp.receiveEmbedMessage=function(e){var t=e.data;if((t||t.secret||t.message||t.value)&&!\/[^a-zA-Z0-9]\/.test(t.secret)){for(var s,r,n,a=l.querySelectorAll('iframe[data-secret=\"'+t.secret+'\"]'),o=l.querySelectorAll('blockquote[data-secret=\"'+t.secret+'\"]'),c=new RegExp(\"^https?:$\",\"i\"),i=0;i<o.length;i++)o[i].style.display=\"none\";for(i=0;i<a.length;i++)s=a[i],e.source===s.contentWindow&&(s.removeAttribute(\"style\"),\"height\"===t.message?(1e3<(r=parseInt(t.value,10))?r=1e3:~~r<200&&(r=200),s.height=r):\"link\"===t.message&&(r=new URL(s.getAttribute(\"src\")),n=new URL(t.value),c.test(n.protocol))&&n.host===r.host&&l.activeElement===s&&(d.top.location.href=t.value))}},d.addEventListener(\"message\",d.wp.receiveEmbedMessage,!1),l.addEventListener(\"DOMContentLoaded\",function(){for(var e,t,s=l.querySelectorAll(\"iframe.wp-embedded-content\"),r=0;r<s.length;r++)(t=(e=s[r]).getAttribute(\"data-secret\"))||(t=Math.random().toString(36).substring(2,12),e.src+=\"#?secret=\"+t,e.setAttribute(\"data-secret\",t)),e.contentWindow.postMessage({message:\"ready\",secret:t},\"*\")},!1)))}(window,document);\n\/* ]]> *\/\n<\/script>\n","thumbnail_url":"https:\/\/julesverne.com.tr\/wp-content\/uploads\/2021\/10\/budapeste_shutterstock_1459804331.jpg","thumbnail_width":1000,"thumbnail_height":563,"description":"D\u00fcnyan\u0131n d\u00f6rt bir yan\u0131ndaki seyahatseverlerin g\u00f6zde ke\u015fif b\u00f6lgelerinden biri olan tablo gibi muhte\u015fem \u015fehirleri, heybetli da\u011flar\u0131, Orta \u00c7a\u011f\u2019dan g\u00fcn\u00fcm\u00fczde uzanan kasabalar\u0131 ile r\u00fcya gibi bir yolculu\u011fa \u00e7\u0131karan Do\u011fu Avrupa\u2019y\u0131 T\u00fcrk Hava Yollar\u0131\u2019n\u0131n gidi\u015f \u2013 d\u00f6n\u00fc\u015f her \u015fey dahil 119 USD\u2019den ba\u015flayan fiyatlar\u0131 ile ke\u015ffetmeye ne dersiniz?"}