{"version":"1.0","provider_name":"JULES VERNE BUSINESS MICE TRAVEL","provider_url":"https:\/\/julesverne.com.tr\/en","author_name":"senem.ekermen","author_url":"https:\/\/julesverne.com.tr\/en\/author\/senem-ekermen\/","title":"\u201cK\u0131smi Kapanma\u201d S\u00fcrecinde Nas\u0131l Seyahat Edilir? - JULES VERNE BUSINESS MICE TRAVEL","type":"rich","width":600,"height":338,"html":"<blockquote class=\"wp-embedded-content\" data-secret=\"DmkRMShD0v\"><a href=\"https:\/\/julesverne.com.tr\/en\/haberler\/kismi-kapanma-surecinde-nasil-seyahat-edilir\/\">\u201cK\u0131smi Kapanma\u201d S\u00fcrecinde Nas\u0131l Seyahat Edilir?<\/a><\/blockquote><iframe sandbox=\"allow-scripts\" security=\"restricted\" src=\"https:\/\/julesverne.com.tr\/en\/haberler\/kismi-kapanma-surecinde-nasil-seyahat-edilir\/embed\/#?secret=DmkRMShD0v\" width=\"600\" height=\"338\" title=\"&#8220;\u201cK\u0131smi Kapanma\u201d S\u00fcrecinde Nas\u0131l Seyahat Edilir?&#8221; &#8212; JULES VERNE BUSINESS MICE TRAVEL\" data-secret=\"DmkRMShD0v\" frameborder=\"0\" marginwidth=\"0\" marginheight=\"0\" scrolling=\"no\" class=\"wp-embedded-content\"><\/iframe><script type=\"text\/javascript\">\n\/* <![CDATA[ *\/\n\/*! This file is auto-generated *\/\n!function(d,l){\"use strict\";l.querySelector&&d.addEventListener&&\"undefined\"!=typeof URL&&(d.wp=d.wp||{},d.wp.receiveEmbedMessage||(d.wp.receiveEmbedMessage=function(e){var t=e.data;if((t||t.secret||t.message||t.value)&&!\/[^a-zA-Z0-9]\/.test(t.secret)){for(var s,r,n,a=l.querySelectorAll('iframe[data-secret=\"'+t.secret+'\"]'),o=l.querySelectorAll('blockquote[data-secret=\"'+t.secret+'\"]'),c=new RegExp(\"^https?:$\",\"i\"),i=0;i<o.length;i++)o[i].style.display=\"none\";for(i=0;i<a.length;i++)s=a[i],e.source===s.contentWindow&&(s.removeAttribute(\"style\"),\"height\"===t.message?(1e3<(r=parseInt(t.value,10))?r=1e3:~~r<200&&(r=200),s.height=r):\"link\"===t.message&&(r=new URL(s.getAttribute(\"src\")),n=new URL(t.value),c.test(n.protocol))&&n.host===r.host&&l.activeElement===s&&(d.top.location.href=t.value))}},d.addEventListener(\"message\",d.wp.receiveEmbedMessage,!1),l.addEventListener(\"DOMContentLoaded\",function(){for(var e,t,s=l.querySelectorAll(\"iframe.wp-embedded-content\"),r=0;r<s.length;r++)(t=(e=s[r]).getAttribute(\"data-secret\"))||(t=Math.random().toString(36).substring(2,12),e.src+=\"#?secret=\"+t,e.setAttribute(\"data-secret\",t)),e.contentWindow.postMessage({message:\"ready\",secret:t},\"*\")},!1)))}(window,document);\n\/* ]]> *\/\n<\/script>\n","thumbnail_url":"https:\/\/julesverne.com.tr\/wp-content\/uploads\/2021\/04\/Sorular-1-1280x721.png","thumbnail_width":1280,"thumbnail_height":721,"description":"Kovid-19 tedbirleri kapsam\u0131nda \"K\u0131smi Kapanma\" konulu genelge ile, bu s\u00fcre\u00e7te nas\u0131l seyahat edebilece\u011fimiz ile ilgili bir\u00e7ok soru olu\u015ftu. \u201cU\u00e7u\u015flar iptal mi? \u015eehirleraras\u0131 seyahat edilebilecek mi? Seyahat yasa\u011f\u0131 hangi saatleri kaps\u0131yor? \u00d6zel ara\u00e7la seyahat yasak m\u0131? Turizm Ama\u00e7l\u0131 Seyahat Edilebilecek mi? Yurt i\u00e7i otellerde konaklama yap\u0131labilecek mi?\u201d gibi merak edilen sorular i\u00e7in bir bilgilendirme haz\u0131rlad\u0131k. \u0130\u015fte \u201cK\u0131smi Kapanma\u201d s\u00fcrecinde seyahat prosed\u00fcrleri ile ilgili merak edilenler"}