{"version":"1.0","provider_name":"JULES VERNE BUSINESS MICE TRAVEL","provider_url":"https:\/\/julesverne.com.tr\/en","author_name":"Ebru Alt\u0131n","author_url":"https:\/\/julesverne.com.tr\/en\/author\/ebru-altin\/","title":"(TR) \u0130yilikle, Umutla, Heyecanla, Birlikte I\u015f\u0131ldamaya Davetlisiniz! - JULES VERNE BUSINESS MICE TRAVEL","type":"rich","width":600,"height":338,"html":"<blockquote class=\"wp-embedded-content\" data-secret=\"MRvYkaZmEr\"><a href=\"https:\/\/julesverne.com.tr\/en\/haberler\/birlikte-isildamaya-davetlisiniz-2\/\">(TR) \u0130yilikle, Umutla, Heyecanla, Birlikte I\u015f\u0131ldamaya Davetlisiniz!<\/a><\/blockquote><iframe sandbox=\"allow-scripts\" security=\"restricted\" src=\"https:\/\/julesverne.com.tr\/en\/haberler\/birlikte-isildamaya-davetlisiniz-2\/embed\/#?secret=MRvYkaZmEr\" width=\"600\" height=\"338\" title=\"&#8220;(TR) \u0130yilikle, Umutla, Heyecanla, Birlikte I\u015f\u0131ldamaya Davetlisiniz!&#8221; &#8212; JULES VERNE BUSINESS MICE TRAVEL\" data-secret=\"MRvYkaZmEr\" frameborder=\"0\" marginwidth=\"0\" marginheight=\"0\" scrolling=\"no\" class=\"wp-embedded-content\"><\/iframe><script type=\"text\/javascript\">\n\/* <![CDATA[ *\/\n\/*! This file is auto-generated *\/\n!function(d,l){\"use strict\";l.querySelector&&d.addEventListener&&\"undefined\"!=typeof URL&&(d.wp=d.wp||{},d.wp.receiveEmbedMessage||(d.wp.receiveEmbedMessage=function(e){var t=e.data;if((t||t.secret||t.message||t.value)&&!\/[^a-zA-Z0-9]\/.test(t.secret)){for(var s,r,n,a=l.querySelectorAll('iframe[data-secret=\"'+t.secret+'\"]'),o=l.querySelectorAll('blockquote[data-secret=\"'+t.secret+'\"]'),c=new RegExp(\"^https?:$\",\"i\"),i=0;i<o.length;i++)o[i].style.display=\"none\";for(i=0;i<a.length;i++)s=a[i],e.source===s.contentWindow&&(s.removeAttribute(\"style\"),\"height\"===t.message?(1e3<(r=parseInt(t.value,10))?r=1e3:~~r<200&&(r=200),s.height=r):\"link\"===t.message&&(r=new URL(s.getAttribute(\"src\")),n=new URL(t.value),c.test(n.protocol))&&n.host===r.host&&l.activeElement===s&&(d.top.location.href=t.value))}},d.addEventListener(\"message\",d.wp.receiveEmbedMessage,!1),l.addEventListener(\"DOMContentLoaded\",function(){for(var e,t,s=l.querySelectorAll(\"iframe.wp-embedded-content\"),r=0;r<s.length;r++)(t=(e=s[r]).getAttribute(\"data-secret\"))||(t=Math.random().toString(36).substring(2,12),e.src+=\"#?secret=\"+t,e.setAttribute(\"data-secret\",t)),e.contentWindow.postMessage({message:\"ready\",secret:t},\"*\")},!1)))}(window,document);\n\/* ]]> *\/\n<\/script>\n","thumbnail_url":"https:\/\/julesverne.com.tr\/wp-content\/uploads\/2023\/09\/isildayanlar.jpg","thumbnail_width":1200,"thumbnail_height":800,"description":"Cumhuriyetimizin 100. y\u0131l\u0131n\u0131 co\u015fkuyla kutlamaya haz\u0131rland\u0131\u011f\u0131m\u0131z 2023 y\u0131l\u0131nda ise birbirimize umut ve \u0131\u015f\u0131k olarak daha iyi bir gelecek i\u00e7in etkimizi nas\u0131l art\u0131rabilece\u011fimize, neleri nas\u0131l daha da iyi yapabilece\u011fimize odaklan\u0131yoruz.Bu y\u0131l 25 Eyl\u00fcl 2023 Pazartesi g\u00fcn\u00fc d\u00fczenleyece\u011fimiz ikinci I\u015eILDAYANLAR Konferans\u0131\u2019nda da iyilikle, umutla, heyecanla, g\u00fcvenle \u0131\u015f\u0131ldamak, birbirimizden ald\u0131\u011f\u0131m\u0131z g\u00fc\u00e7le d\u00fcnyam\u0131z\u0131 birlikte \u0131\u015f\u0131ldatmak i\u00e7in bulu\u015fuyoruz. \u200b\u200bBa\u015farman\u0131n ancak birlikte m\u00fcmk\u00fcn oldu\u011fu ger\u00e7e\u011fiyle sizi aram\u0131za, deste\u011fe davet ediyoruz."}