{"version":"1.0","provider_name":"JULES VERNE BUSINESS MICE TRAVEL","provider_url":"https:\/\/julesverne.com.tr\/en","author_name":"senem.ekermen","author_url":"https:\/\/julesverne.com.tr\/en\/author\/senem-ekermen\/","title":"(TR) Birlikte I\u015f\u0131ldamaya Davetlisiniz! - JULES VERNE BUSINESS MICE TRAVEL","type":"rich","width":600,"height":338,"html":"<blockquote class=\"wp-embedded-content\" data-secret=\"bz0iMUBraG\"><a href=\"https:\/\/julesverne.com.tr\/en\/haberler\/birlikte-isildamaya-davetlisiniz\/\">(TR) Birlikte I\u015f\u0131ldamaya Davetlisiniz!<\/a><\/blockquote><iframe sandbox=\"allow-scripts\" security=\"restricted\" src=\"https:\/\/julesverne.com.tr\/en\/haberler\/birlikte-isildamaya-davetlisiniz\/embed\/#?secret=bz0iMUBraG\" width=\"600\" height=\"338\" title=\"&#8220;(TR) Birlikte I\u015f\u0131ldamaya Davetlisiniz!&#8221; &#8212; JULES VERNE BUSINESS MICE TRAVEL\" data-secret=\"bz0iMUBraG\" frameborder=\"0\" marginwidth=\"0\" marginheight=\"0\" scrolling=\"no\" class=\"wp-embedded-content\"><\/iframe><script type=\"text\/javascript\">\n\/* <![CDATA[ *\/\n\/*! This file is auto-generated *\/\n!function(d,l){\"use strict\";l.querySelector&&d.addEventListener&&\"undefined\"!=typeof URL&&(d.wp=d.wp||{},d.wp.receiveEmbedMessage||(d.wp.receiveEmbedMessage=function(e){var t=e.data;if((t||t.secret||t.message||t.value)&&!\/[^a-zA-Z0-9]\/.test(t.secret)){for(var s,r,n,a=l.querySelectorAll('iframe[data-secret=\"'+t.secret+'\"]'),o=l.querySelectorAll('blockquote[data-secret=\"'+t.secret+'\"]'),c=new RegExp(\"^https?:$\",\"i\"),i=0;i<o.length;i++)o[i].style.display=\"none\";for(i=0;i<a.length;i++)s=a[i],e.source===s.contentWindow&&(s.removeAttribute(\"style\"),\"height\"===t.message?(1e3<(r=parseInt(t.value,10))?r=1e3:~~r<200&&(r=200),s.height=r):\"link\"===t.message&&(r=new URL(s.getAttribute(\"src\")),n=new URL(t.value),c.test(n.protocol))&&n.host===r.host&&l.activeElement===s&&(d.top.location.href=t.value))}},d.addEventListener(\"message\",d.wp.receiveEmbedMessage,!1),l.addEventListener(\"DOMContentLoaded\",function(){for(var e,t,s=l.querySelectorAll(\"iframe.wp-embedded-content\"),r=0;r<s.length;r++)(t=(e=s[r]).getAttribute(\"data-secret\"))||(t=Math.random().toString(36).substring(2,12),e.src+=\"#?secret=\"+t,e.setAttribute(\"data-secret\",t)),e.contentWindow.postMessage({message:\"ready\",secret:t},\"*\")},!1)))}(window,document);\n\/* ]]> *\/\n<\/script>\n","thumbnail_url":"https:\/\/julesverne.com.tr\/wp-content\/uploads\/2022\/05\/isildayanlar-konferansi-ureten-ve-guc-veren-yildiz-kadinlar-24-mayista-isildayanlar-konferansinda-848.jpg","thumbnail_width":1140,"thumbnail_height":480,"description":"KARANLIK ANCAK KADINLAR I\u015eILDARSA AYDINLANIR diye yola \u00e7\u0131karak, de\u011fi\u015fime her g\u00fcn tan\u0131kl\u0131k etti\u011fimiz bu \u00e7a\u011fda, g\u00fc\u00e7 katan, ilham veren, umut veren kad\u0131nlar i\u00e7in I\u015eILDAYANLAR KONFERANSI\u2019n\u0131 d\u00fczenliyoruz.\u00a0 I\u015f\u0131k sa\u00e7arak hayat\u0131 hem kendi hem \u00e7evresindekiler i\u00e7in daha anlaml\u0131 k\u0131lan, daima daha fazlas\u0131 i\u00e7in \u00e7al\u0131\u015fan, ilham ve umut veren g\u00fc\u00e7l\u00fc kad\u0131nlar ve toplumsal cinsiyet e\u015fitli\u011finin sa\u011flanmas\u0131 yoluyla kad\u0131n\u0131n toplumda, i\u015f ve ekonomik hayatta g\u00fc\u00e7lenmesinin yan\u0131nda duran \u00f6nc\u00fc markalar, I\u015f\u0131ldayanlar\u00a0Konferans\u0131\u2019nda bulu\u015fuyor.\u00a0OGGUSTO ev sahipli\u011finde ger\u00e7ekle\u015ftirece\u011fimiz ilk I\u015f\u0131ldayanlar Konferans\u0131'n\u0131n konusu \u201cToplumsal Cinsiyet E\u015fitli\u011fi ve Kad\u0131n\u0131n G\u00fc\u00e7lenmesi\u201d. \u2060"}